{"id":5765,"date":"2026-04-28T14:52:13","date_gmt":"2026-04-28T14:52:13","guid":{"rendered":"https:\/\/aemarvao.edu.gov.pt\/site\/?page_id=5765"},"modified":"2026-04-28T15:00:23","modified_gmt":"2026-04-28T15:00:23","slug":"pef-e-provas-finais-de-ciclo-9oano","status":"publish","type":"page","link":"https:\/\/aemarvao.edu.gov.pt\/site\/alunosenc-educacao\/provas-2026\/pef-e-provas-finais-de-ciclo-9oano\/","title":{"rendered":"PROVAS E.F. 1\u00ba\/3\u00baCICLOS PROVAS FINAIS DO 9\u00baANO"},"content":{"rendered":"<p style=\"text-align: center;\"><strong>Calendariza\u00e7\u00e3o da Realiza\u00e7\u00e3o das Provas<\/strong><br \/>\n<strong>Ano Letivo 2025\/2026<\/strong><\/p>\n<p style=\"text-align: center;\">PROVAS DE EQUIVAL\u00caNCIA \u00c0 FREQU\u00caNCIA DOS 1\u00ba e 3\u00ba CICLOS<br \/>\nE<br \/>\nPROVAS FINAIS DE CICLO 9\u00ba ANO<a href=\"https:\/\/aemarvao.edu.gov.pt\/site\/wp-content\/uploads\/2026\/04\/Calendarizacao-Provas-Eq-Freq-25_26_pages-to-jpg-0001.jpg\"><img loading=\"lazy\" class=\"wp-image-5754 aligncenter\" src=\"https:\/\/aemarvao.edu.gov.pt\/site\/wp-content\/uploads\/2026\/04\/Calendarizacao-Provas-Eq-Freq-25_26_pages-to-jpg-0001-212x300.jpg\" alt=\"\" width=\"580\" height=\"820\" srcset=\"https:\/\/aemarvao.edu.gov.pt\/site\/wp-content\/uploads\/2026\/04\/Calendarizacao-Provas-Eq-Freq-25_26_pages-to-jpg-0001-212x300.jpg 212w, https:\/\/aemarvao.edu.gov.pt\/site\/wp-content\/uploads\/2026\/04\/Calendarizacao-Provas-Eq-Freq-25_26_pages-to-jpg-0001-724x1024.jpg 724w, https:\/\/aemarvao.edu.gov.pt\/site\/wp-content\/uploads\/2026\/04\/Calendarizacao-Provas-Eq-Freq-25_26_pages-to-jpg-0001-768x1086.jpg 768w, https:\/\/aemarvao.edu.gov.pt\/site\/wp-content\/uploads\/2026\/04\/Calendarizacao-Provas-Eq-Freq-25_26_pages-to-jpg-0001-1086x1536.jpg 1086w, https:\/\/aemarvao.edu.gov.pt\/site\/wp-content\/uploads\/2026\/04\/Calendarizacao-Provas-Eq-Freq-25_26_pages-to-jpg-0001.jpg 1241w\" sizes=\"(max-width: 580px) 100vw, 580px\" \/><\/a> <a href=\"https:\/\/aemarvao.edu.gov.pt\/site\/wp-content\/uploads\/2026\/04\/Calendarizacao-Provas-Eq-Freq-25_26_pages-to-jpg-0002.jpg\"><img loading=\"lazy\" class=\"aligncenter wp-image-5755\" src=\"https:\/\/aemarvao.edu.gov.pt\/site\/wp-content\/uploads\/2026\/04\/Calendarizacao-Provas-Eq-Freq-25_26_pages-to-jpg-0002-212x300.jpg\" alt=\"\" width=\"580\" height=\"821\" srcset=\"https:\/\/aemarvao.edu.gov.pt\/site\/wp-content\/uploads\/2026\/04\/Calendarizacao-Provas-Eq-Freq-25_26_pages-to-jpg-0002-212x300.jpg 212w, https:\/\/aemarvao.edu.gov.pt\/site\/wp-content\/uploads\/2026\/04\/Calendarizacao-Provas-Eq-Freq-25_26_pages-to-jpg-0002-724x1024.jpg 724w, https:\/\/aemarvao.edu.gov.pt\/site\/wp-content\/uploads\/2026\/04\/Calendarizacao-Provas-Eq-Freq-25_26_pages-to-jpg-0002-768x1086.jpg 768w, https:\/\/aemarvao.edu.gov.pt\/site\/wp-content\/uploads\/2026\/04\/Calendarizacao-Provas-Eq-Freq-25_26_pages-to-jpg-0002-1086x1536.jpg 1086w, https:\/\/aemarvao.edu.gov.pt\/site\/wp-content\/uploads\/2026\/04\/Calendarizacao-Provas-Eq-Freq-25_26_pages-to-jpg-0002.jpg 1241w\" sizes=\"(max-width: 580px) 100vw, 580px\" \/><\/a><\/p>\n<p>&nbsp;<\/p>\n","protected":false},"excerpt":{"rendered":"<p>Calendariza\u00e7\u00e3o da Realiza\u00e7\u00e3o das Provas Ano Letivo 2025\/2026 PROVAS DE EQUIVAL\u00caNCIA \u00c0 FREQU\u00caNCIA DOS 1\u00ba e 3\u00ba CICLOS E PROVAS FINAIS DE CICLO 9\u00ba ANO &nbsp;<\/p>\n","protected":false},"author":1,"featured_media":0,"parent":5752,"menu_order":0,"comment_status":"closed","ping_status":"closed","template":"","meta":[],"_links":{"self":[{"href":"https:\/\/aemarvao.edu.gov.pt\/site\/wp-json\/wp\/v2\/pages\/5765"}],"collection":[{"href":"https:\/\/aemarvao.edu.gov.pt\/site\/wp-json\/wp\/v2\/pages"}],"about":[{"href":"https:\/\/aemarvao.edu.gov.pt\/site\/wp-json\/wp\/v2\/types\/page"}],"author":[{"embeddable":true,"href":"https:\/\/aemarvao.edu.gov.pt\/site\/wp-json\/wp\/v2\/users\/1"}],"replies":[{"embeddable":true,"href":"https:\/\/aemarvao.edu.gov.pt\/site\/wp-json\/wp\/v2\/comments?post=5765"}],"version-history":[{"count":6,"href":"https:\/\/aemarvao.edu.gov.pt\/site\/wp-json\/wp\/v2\/pages\/5765\/revisions"}],"predecessor-version":[{"id":5775,"href":"https:\/\/aemarvao.edu.gov.pt\/site\/wp-json\/wp\/v2\/pages\/5765\/revisions\/5775"}],"up":[{"embeddable":true,"href":"https:\/\/aemarvao.edu.gov.pt\/site\/wp-json\/wp\/v2\/pages\/5752"}],"wp:attachment":[{"href":"https:\/\/aemarvao.edu.gov.pt\/site\/wp-json\/wp\/v2\/media?parent=5765"}],"curies":[{"name":"wp","href":"https:\/\/api.w.org\/{rel}","templated":true}]}}