{"id":397,"date":"2017-03-20T11:29:52","date_gmt":"2017-03-20T11:29:52","guid":{"rendered":"http:\/\/www.aemarvao.pt\/site\/?page_id=397"},"modified":"2017-03-20T11:32:23","modified_gmt":"2017-03-20T11:32:23","slug":"projetos","status":"publish","type":"page","link":"https:\/\/aemarvao.edu.gov.pt\/site\/projetos\/","title":{"rendered":"Projetos"},"content":{"rendered":"<div class=\"child_pages child_pages-thumbnail\">\n<div id=\"child_page-402\" class=\"child_page\" style=\"width:100%;max-width:100%;\"><div class=\"child_page-container\"><div class=\"post_thumb\"><a href=\"https:\/\/aemarvao.edu.gov.pt\/site\/projetos\/giaf\/\"><\/a><\/div><div class=\"post_content\"><h4><a href=\"https:\/\/aemarvao.edu.gov.pt\/site\/projetos\/giaf\/\">GIAF<\/a><\/h4><div class=\"post_excerpt\">Gabinete de Interven\u00e7\u00e3o para o Aluno e Fam\u00edlia Equipa de trabalho que tem como principal objetivo contribuir para o desenvolvimento harmonioso dos alunos nas dimens\u00f5es individual, familiar, escolar e social. O trabalho \u00e9 desenvolvido em estreita articula\u00e7\u00e3o com os servi\u00e7os e institui\u00e7\u00f5es da comunidade envolvente. Constitui\u00e7\u00e3o da equipa (2025\/2026): Isabel Junceiro (coordenadora) &#8211; Prof. 3.\u00ba &hellip; <p class=\"link-more\"><a href=\"https:\/\/aemarvao.edu.gov.pt\/site\/projetos\/giaf\/\" class=\"more-link\">Continuar a ler <span class=\"screen-reader-text\">\"GIAF\"<\/span><\/a><\/p><\/div><\/div><!-- .post_content  --><\/div><!-- .child_page-container --><\/div><!-- #child_page-402\" -->\n\n<div id=\"child_page-406\" class=\"child_page\" style=\"width:100%;max-width:100%;\"><div class=\"child_page-container\"><div class=\"post_thumb\"><a href=\"https:\/\/aemarvao.edu.gov.pt\/site\/projetos\/giases-pes\/\"><\/a><\/div><div class=\"post_content\"><h4><a href=\"https:\/\/aemarvao.edu.gov.pt\/site\/projetos\/giases-pes\/\">GIASES\/PES<\/a><\/h4><div class=\"post_excerpt\">Gabinete de Informa\u00e7\u00e3o e Apoio \u00e0 Sa\u00fade e \u00e0 Educa\u00e7\u00e3o Sexual Equipa de trabalho que desenvolve a promo\u00e7\u00e3o de uma postura saud\u00e1vel ao longo da vida. Constitui\u00e7\u00e3o da equipa (2025\/2026): \u00a0Maria Jo\u00e3o Vilela (Coordenadora) &#8211; Prof. 3.\u00ba CEB Ana Mafalda Faria &#8211; Prof. 3.\u00ba CEB Liliana Santa &#8211; Psic\u00f3loga<\/div><\/div><!-- .post_content  --><\/div><!-- .child_page-container --><\/div><!-- #child_page-406\" -->\n\n<div id=\"child_page-410\" class=\"child_page\" style=\"width:100%;max-width:100%;\"><div class=\"child_page-container\"><div class=\"post_thumb\"><a href=\"https:\/\/aemarvao.edu.gov.pt\/site\/projetos\/observatorio-da-qualidade\/\"><\/a><\/div><div class=\"post_content\"><h4><a href=\"https:\/\/aemarvao.edu.gov.pt\/site\/projetos\/observatorio-da-qualidade\/\">Observat\u00f3rio da Qualidade<\/a><\/h4><div class=\"post_excerpt\">Equipa de trabalho que visa a prepara\u00e7\u00e3o e a implementa\u00e7\u00e3o da autoavalia\u00e7\u00e3o do agrupamento, bem como a cria\u00e7\u00e3o de uma base de dados quantitativos para aferir boas pr\u00e1ticas e optimizar desempenhos. Constitui\u00e7\u00e3o da equipa (2025\/2026): Sofia Castro (Coordenadora) &#8211; Prof. 3.\u00ba CEB Artur Aleixo &#8211; Prof. 3.\u00ba CEB<\/div><\/div><!-- .post_content  --><\/div><!-- .child_page-container --><\/div><!-- #child_page-410\" -->\n\n<div id=\"child_page-414\" class=\"child_page\" style=\"width:100%;max-width:100%;\"><div class=\"child_page-container\"><div class=\"post_thumb\"><a href=\"https:\/\/aemarvao.edu.gov.pt\/site\/projetos\/plano-tecnologico-da-educacao\/\"><\/a><\/div><div class=\"post_content\"><h4><a href=\"https:\/\/aemarvao.edu.gov.pt\/site\/projetos\/plano-tecnologico-da-educacao\/\">Plano Tecnol\u00f3gico da Educa\u00e7\u00e3o<\/a><\/h4><div class=\"post_excerpt\">Equipa de trabalho que promove a literacia tecnol\u00f3gica e a utiliza\u00e7\u00e3o sustentada dos recursos tecnol\u00f3gicos existentes no Agrupamento. Constitui\u00e7\u00e3o da equipa (2025\/2026): Daniel Rodrigues (Coordenador) &#8211; Prof. 3.\u00ba CEB Carla Cordeiro &#8211; Prof. 2.\u00ba CEB Jo\u00e3o Pires\u00a0 &#8211; Prof. 3.\u00ba CEB<\/div><\/div><!-- .post_content  --><\/div><!-- .child_page-container --><\/div><!-- #child_page-414\" -->\n\n<div id=\"child_page-3456\" class=\"child_page\" style=\"width:100%;max-width:100%;\"><div class=\"child_page-container\"><div class=\"post_thumb\"><a href=\"https:\/\/aemarvao.edu.gov.pt\/site\/projetos\/eco-escolas\/\"><\/a><\/div><div class=\"post_content\"><h4><a href=\"https:\/\/aemarvao.edu.gov.pt\/site\/projetos\/eco-escolas\/\">Eco-Escolas<\/a><\/h4><div class=\"post_excerpt\">Eco-Escolas \u00e9 um programa internacional da \u201cFoundation for Environmental Education\u201d, desenvolvido em Portugal desde 1996 pela ABAE. Pretende encorajar a\u00e7\u00f5es e reconhecer o trabalho de qualidade desenvolvido pela escola, no \u00e2mbito da Educa\u00e7\u00e3o Ambiental para a Sustentabilidade. O programa \u00e9 coordenado a n\u00edvel internacional, nacional, regional e de escola. Esta coordena\u00e7\u00e3o multin\u00edvel permite a conflu\u00eancia &hellip; <p class=\"link-more\"><a href=\"https:\/\/aemarvao.edu.gov.pt\/site\/projetos\/eco-escolas\/\" class=\"more-link\">Continuar a ler <span class=\"screen-reader-text\">\"Eco-Escolas\"<\/span><\/a><\/p><\/div><\/div><!-- .post_content  --><\/div><!-- .child_page-container --><\/div><!-- #child_page-3456\" -->\n\n<div id=\"child_page-4595\" class=\"child_page\" style=\"width:100%;max-width:100%;\"><div class=\"child_page-container\"><div class=\"post_thumb\"><a href=\"https:\/\/aemarvao.edu.gov.pt\/site\/projetos\/etwinning-science-is-everywhere\/\"><img src=\"https:\/\/aemarvao.edu.gov.pt\/site\/wp-content\/uploads\/2024\/02\/etwinning-150x150.jpg\" class=\"attachment-thumbnail size-thumbnail wp-post-image\" alt=\"\" loading=\"lazy\" srcset=\"https:\/\/aemarvao.edu.gov.pt\/site\/wp-content\/uploads\/2024\/02\/etwinning-150x150.jpg 150w, https:\/\/aemarvao.edu.gov.pt\/site\/wp-content\/uploads\/2024\/02\/etwinning-300x300.jpg 300w, https:\/\/aemarvao.edu.gov.pt\/site\/wp-content\/uploads\/2024\/02\/etwinning-100x100.jpg 100w, https:\/\/aemarvao.edu.gov.pt\/site\/wp-content\/uploads\/2024\/02\/etwinning.jpg 500w\" sizes=\"100vw\" \/><\/a><\/div><div class=\"post_content\"><h4><a href=\"https:\/\/aemarvao.edu.gov.pt\/site\/projetos\/etwinning-science-is-everywhere\/\">eTwinning \u201cScience is everywhere\u201d<\/a><\/h4><div class=\"post_excerpt\">As salas do Ensino Pr\u00e9-escolar do AE Marv\u00e3o participaram no ano letivo 2023\/2024 num projeto eTwinning chamado &#8220;Science is everywhere&#8221;. O eTwinning \u00e9 uma plataforma online criada pela Comiss\u00e3o Europeia que visa promover a colabora\u00e7\u00e3o entre escolas na Europa. O objetivo principal do eTwinning \u00e9 permitir que educadores e alunos de diferentes pa\u00edses europeus trabalhem &hellip; <p class=\"link-more\"><a href=\"https:\/\/aemarvao.edu.gov.pt\/site\/projetos\/etwinning-science-is-everywhere\/\" class=\"more-link\">Continuar a ler <span class=\"screen-reader-text\">\"eTwinning \u201cScience is everywhere\u201d\"<\/span><\/a><\/p><\/div><\/div><!-- .post_content  --><\/div><!-- .child_page-container --><\/div><!-- #child_page-4595\" -->\n<\/div>\n","protected":false},"excerpt":{"rendered":"","protected":false},"author":1,"featured_media":0,"parent":0,"menu_order":0,"comment_status":"closed","ping_status":"closed","template":"","meta":[],"_links":{"self":[{"href":"https:\/\/aemarvao.edu.gov.pt\/site\/wp-json\/wp\/v2\/pages\/397"}],"collection":[{"href":"https:\/\/aemarvao.edu.gov.pt\/site\/wp-json\/wp\/v2\/pages"}],"about":[{"href":"https:\/\/aemarvao.edu.gov.pt\/site\/wp-json\/wp\/v2\/types\/page"}],"author":[{"embeddable":true,"href":"https:\/\/aemarvao.edu.gov.pt\/site\/wp-json\/wp\/v2\/users\/1"}],"replies":[{"embeddable":true,"href":"https:\/\/aemarvao.edu.gov.pt\/site\/wp-json\/wp\/v2\/comments?post=397"}],"version-history":[{"count":2,"href":"https:\/\/aemarvao.edu.gov.pt\/site\/wp-json\/wp\/v2\/pages\/397\/revisions"}],"predecessor-version":[{"id":399,"href":"https:\/\/aemarvao.edu.gov.pt\/site\/wp-json\/wp\/v2\/pages\/397\/revisions\/399"}],"wp:attachment":[{"href":"https:\/\/aemarvao.edu.gov.pt\/site\/wp-json\/wp\/v2\/media?parent=397"}],"curies":[{"name":"wp","href":"https:\/\/api.w.org\/{rel}","templated":true}]}}