{"id":335,"date":"2017-03-17T16:21:07","date_gmt":"2017-03-17T16:21:07","guid":{"rendered":"http:\/\/www.aemarvao.pt\/site\/?page_id=335"},"modified":"2025-09-24T10:19:33","modified_gmt":"2025-09-24T10:19:33","slug":"s-a-d-d-c-p","status":"publish","type":"page","link":"https:\/\/aemarvao.edu.gov.pt\/site\/estruturas\/s-a-d-d-c-p\/","title":{"rendered":"S.A.D.D.C.P."},"content":{"rendered":"<p><head><br \/>\n  <meta charset=\"utf-8\" \/><br \/>\n  <meta name=\"viewport\" content=\"width=device-width,initial-scale=1\" \/><\/p>\n<style>\n    :root{\n      --bg:#f6f8fb;\n      --card:#ffffff;\n      --accent:#2b6cb0;\n      --text:#122226;\n      --muted:#5b6b73;\n      font-family: system-ui, -apple-system, \"Segoe UI\", Roboto, \"Helvetica Neue\", Arial;\n    }\n    body{background:var(--bg);color:var(--text);margin:0;padding:24px;}\n    .org-wrap{max-width:1100px;margin:0 auto}\n    .org-title{text-align:center;margin-bottom:18px}\n    .org-title h1{font-size:1.25rem;margin:0}<\/p>\n<p>    \/* container *\/\n    .tree{display:flex;flex-direction:column;align-items:center;position:relative}\n    .level{display:flex;justify-content:center;gap:40px;position:relative;width:auto}\n    .node{background:var(--card);border-radius:10px;padding:12px 16px;box-shadow:0 6px 18px rgba(17,24,39,0.06);text-align:center;min-width:200px;z-index:1;position:relative}\n    .node .role{font-weight:700;color:var(--accent);margin-bottom:6px}\n    .node .name{font-size:0.95rem}\n    .node .sub{font-size:0.85rem;color:var(--muted);margin-top:6px}\n    .node:hover{transform:translateY(-4px);transition:transform .18s}\n    .node.director {background: #cc6600; color: #ffffff;}\n    .node.director .role,\n    .node.director .name,\n    .node.director .sub {color: #ffffff;}\n\/* connectors *\/\n    .connector-vertical{\n      width:2px;\n      background:#d1d9e0;\n      position:absolute;\n      top:100%;\n      height:60px;\n      left:50%;\n      margin-left:-1px;\n      z-index:0;\n    }\n    .connector-horizontal{\n      height:2px;\n      background:#d1d9e0;\n      position:absolute;\n      top:-20px;\n      left: -4.5%;    \/* desloca para a esquerda *\/\n      width: 103%; \n      right:0;\n      z-index:0;\n    }\n.connector-down{\n      width:2px;\n      background:#d1d9e0;\n      position:absolute;\n      top:-25px;\n      height:30px;\n      left:50%;\n      margin-left:-1px;\n      z-index:0;\n    }\n    \/* responsive *\/\n    @media (max-width:900px){\n      .level{flex-wrap:wrap;gap:16px;justify-content:center}\n      .level.coordenadores{ width: auto; gap: 16px; justify-content:center; }\n      .level.coordenadores .connector-horizontal{ display: none; }\n    }\n    @media (max-width:700px){\n      .level{flex-direction:column;align-items:center}\n      .node{min-width:unset;width:90%}\n      .connector-horizontal{display:none}\n      .connector-vertical{display:none}\n      .connector-down{display:none}\n    }\n    .legend{margin-top:18px;text-align:center;color:var(--muted);font-size:0.9rem}\n  <\/style>\n<p><\/head><br \/>\n<body><\/p>\n<div class=\"org-wrap\">\n<h2 style=\"text-align:center; margin-left:-40px; margin-bottom:24px; font-size:1.2rem; color:#122226;\">\n    Referente ao ano de 2025\/2026<br \/>\n  <\/h2>\n<div class=\"tree\">\n    <!-- restante organograma -->\n  <\/div>\n<\/div>\n<div class=\"org-wrap\">\n<div class=\"org-title\">\n    <\/div>\n<div class=\"tree\">\n      <!-- Diretor --><\/p>\n<div class=\"level\">\n<div class=\"node director\" tabindex=\"0\">\n<div class=\"role\">Diretor do Agrupamento<\/div>\n<div class=\"name\">Filipe Miguel Meira Gon\u00e7alves<\/div>\n<div style=\"height:0.4px;\"><\/div>\n<p> <!-- linha em branco --><\/p>\n<div class=\"sub\">(Dire\u00e7\u00e3o)<\/div>\n<div class=\"connector-vertical\"><\/div>\n<\/p><\/div>\n<\/p><\/div>\n<p>      <!-- Coordenadores --><\/p>\n<div class=\"level\" style=\"margin-top:80px;\">\n<div class=\"connector-horizontal\"><\/div>\n<div class=\"node\" tabindex=\"0\">\n<div class=\"role\">Coordenadora Dep. Pr\u00e9-Escolar<\/div>\n<div style=\"height:0.4px;\"><\/div>\n<p> <!-- linha em branco --><\/p>\n<div class=\"name\">Maria Ana Caldeira<\/div>\n<div class=\"connector-down\"><\/div>\n<\/p><\/div>\n<div class=\"node\" tabindex=\"0\">\n<div class=\"role\">Coordenadora Dep. 1.\u00ba Ciclo<\/div>\n<div style=\"height:0.4px;\"><\/div>\n<p> <!-- linha em branco --><\/p>\n<div class=\"name\">Berta Polido<\/div>\n<div class=\"connector-down\"><\/div>\n<\/p><\/div>\n<div class=\"node\" tabindex=\"0\">\n<div class=\"role\">Coordenadora Dep. Mat. e Ci\u00eancias Experimentais<\/div>\n<div class=\"name\">Carla Cordeiro<\/div>\n<div class=\"connector-down\"><\/div>\n<\/p><\/div>\n<div class=\"node\" tabindex=\"0\">\n<div class=\"role\">Coordenadora Dep. Express\u00f5es<\/div>\n<div style=\"height:0.4px;\"><\/div>\n<p> <!-- linha em branco --><\/p>\n<div class=\"name\">Paula Rocha<\/div>\n<div class=\"connector-down\"><\/div>\n<\/p><\/div>\n<\/p><\/div>\n<\/p><\/div>\n<\/p><\/div>\n<p><\/body><\/p>\n","protected":false},"excerpt":{"rendered":"<p>Referente ao ano de 2025\/2026 Diretor do Agrupamento Filipe Miguel Meira Gon\u00e7alves (Dire\u00e7\u00e3o) Coordenadora Dep. Pr\u00e9-Escolar Maria Ana Caldeira Coordenadora Dep. 1.\u00ba Ciclo Berta Polido Coordenadora Dep. Mat. e Ci\u00eancias Experimentais Carla Cordeiro Coordenadora Dep. Express\u00f5es Paula Rocha<\/p>\n","protected":false},"author":1,"featured_media":0,"parent":257,"menu_order":0,"comment_status":"closed","ping_status":"closed","template":"","meta":[],"_links":{"self":[{"href":"https:\/\/aemarvao.edu.gov.pt\/site\/wp-json\/wp\/v2\/pages\/335"}],"collection":[{"href":"https:\/\/aemarvao.edu.gov.pt\/site\/wp-json\/wp\/v2\/pages"}],"about":[{"href":"https:\/\/aemarvao.edu.gov.pt\/site\/wp-json\/wp\/v2\/types\/page"}],"author":[{"embeddable":true,"href":"https:\/\/aemarvao.edu.gov.pt\/site\/wp-json\/wp\/v2\/users\/1"}],"replies":[{"embeddable":true,"href":"https:\/\/aemarvao.edu.gov.pt\/site\/wp-json\/wp\/v2\/comments?post=335"}],"version-history":[{"count":15,"href":"https:\/\/aemarvao.edu.gov.pt\/site\/wp-json\/wp\/v2\/pages\/335\/revisions"}],"predecessor-version":[{"id":5276,"href":"https:\/\/aemarvao.edu.gov.pt\/site\/wp-json\/wp\/v2\/pages\/335\/revisions\/5276"}],"up":[{"embeddable":true,"href":"https:\/\/aemarvao.edu.gov.pt\/site\/wp-json\/wp\/v2\/pages\/257"}],"wp:attachment":[{"href":"https:\/\/aemarvao.edu.gov.pt\/site\/wp-json\/wp\/v2\/media?parent=335"}],"curies":[{"name":"wp","href":"https:\/\/api.w.org\/{rel}","templated":true}]}}