{"id":281,"date":"2017-03-16T16:37:48","date_gmt":"2017-03-16T16:37:48","guid":{"rendered":"http:\/\/www.aemarvao.pt\/site\/?page_id=281"},"modified":"2017-03-16T16:37:48","modified_gmt":"2017-03-16T16:37:48","slug":"sase","status":"publish","type":"page","link":"https:\/\/aemarvao.edu.gov.pt\/site\/servicos\/sase\/","title":{"rendered":"SASE"},"content":{"rendered":"<p><strong><span style=\"font-family: helvetica; font-size: 15px; line-height: 1.2;\">SERVI\u00c7O DE \u00a0A\u00c7\u00c3O SOCIAL ESCOLAR<\/span><\/strong><\/p>\n<p align=\"justify\">O Servi\u00e7o de A\u00e7\u00e3o Social Escolar (SASE) trata dos subs\u00eddios de estudo, nomeadamente, apoio alimentar no refeit\u00f3rio da escola e apoio \u00e0 aquisi\u00e7\u00e3o de sebentas, fotocopias e materiais escolares.<\/p>\n<p align=\"justify\">A atribui\u00e7\u00e3o de subs\u00eddios de A\u00e7\u00e3o Social Escolar depende da apresenta\u00e7\u00e3o da declara\u00e7\u00e3o obtida na seguran\u00e7a social,durante a matr\u00edcula e renova\u00e7\u00e3o de matr\u00edculas dos alunos, nos prazos a fixar pela Dire\u00e7\u00e3o.<\/p>\n<p align=\"justify\">A atribui\u00e7\u00e3o dos aux\u00edlios econ\u00f3micos depende da integra\u00e7\u00e3o dos alunos em escal\u00f5es do ASE que s\u00e3o determinados pelo posicionamento nos escal\u00f5es de rendimento para atribui\u00e7\u00e3o de abono de fam\u00edlia. Assim, para que a candidatura seja analisada \u00e9 necess\u00e1rio que o Encarregado de Educa\u00e7\u00e3o fa\u00e7a prova do seu posicionamento nos escal\u00f5es de atribui\u00e7\u00e3o de abono de fam\u00edlia, atrav\u00e9s do documento emitido pela seguran\u00e7a social ou, quando se trate de trabalhadores da Administra\u00e7\u00e3o P\u00fablica, pelo seu servi\u00e7o processador.<\/p>\n<p align=\"justify\">A Dire\u00e7\u00e3o reserva-se o direito de solicitar outra documenta\u00e7\u00e3o que julgue necess\u00e1ria, bem como solicitar a presen\u00e7a do Encarregado de Educa\u00e7\u00e3o do candidato. A Dire\u00e7\u00e3o levar\u00e1 em conta todos os casos excecionais que possam surgir, devendo estes ser comprovados atrav\u00e9s da documenta\u00e7\u00e3o necess\u00e1ria.<\/p>\n","protected":false},"excerpt":{"rendered":"<p>SERVI\u00c7O DE \u00a0A\u00c7\u00c3O SOCIAL ESCOLAR O Servi\u00e7o de A\u00e7\u00e3o Social Escolar (SASE) trata dos subs\u00eddios de estudo, nomeadamente, apoio alimentar no refeit\u00f3rio da escola e apoio \u00e0 aquisi\u00e7\u00e3o de sebentas, fotocopias e materiais escolares. A atribui\u00e7\u00e3o de subs\u00eddios de A\u00e7\u00e3o Social Escolar depende da apresenta\u00e7\u00e3o da declara\u00e7\u00e3o obtida na seguran\u00e7a social,durante a matr\u00edcula e renova\u00e7\u00e3o &hellip; <\/p>\n<p class=\"link-more\"><a href=\"https:\/\/aemarvao.edu.gov.pt\/site\/servicos\/sase\/\" class=\"more-link\">Continuar a ler <span class=\"screen-reader-text\">&#8220;SASE&#8221;<\/span><\/a><\/p>\n","protected":false},"author":1,"featured_media":0,"parent":259,"menu_order":0,"comment_status":"closed","ping_status":"closed","template":"","meta":[],"_links":{"self":[{"href":"https:\/\/aemarvao.edu.gov.pt\/site\/wp-json\/wp\/v2\/pages\/281"}],"collection":[{"href":"https:\/\/aemarvao.edu.gov.pt\/site\/wp-json\/wp\/v2\/pages"}],"about":[{"href":"https:\/\/aemarvao.edu.gov.pt\/site\/wp-json\/wp\/v2\/types\/page"}],"author":[{"embeddable":true,"href":"https:\/\/aemarvao.edu.gov.pt\/site\/wp-json\/wp\/v2\/users\/1"}],"replies":[{"embeddable":true,"href":"https:\/\/aemarvao.edu.gov.pt\/site\/wp-json\/wp\/v2\/comments?post=281"}],"version-history":[{"count":1,"href":"https:\/\/aemarvao.edu.gov.pt\/site\/wp-json\/wp\/v2\/pages\/281\/revisions"}],"predecessor-version":[{"id":282,"href":"https:\/\/aemarvao.edu.gov.pt\/site\/wp-json\/wp\/v2\/pages\/281\/revisions\/282"}],"up":[{"embeddable":true,"href":"https:\/\/aemarvao.edu.gov.pt\/site\/wp-json\/wp\/v2\/pages\/259"}],"wp:attachment":[{"href":"https:\/\/aemarvao.edu.gov.pt\/site\/wp-json\/wp\/v2\/media?parent=281"}],"curies":[{"name":"wp","href":"https:\/\/api.w.org\/{rel}","templated":true}]}}