{"id":259,"date":"2017-03-16T16:05:01","date_gmt":"2017-03-16T16:05:01","guid":{"rendered":"http:\/\/www.aemarvao.pt\/site\/?page_id=259"},"modified":"2017-03-16T16:12:03","modified_gmt":"2017-03-16T16:12:03","slug":"servicos","status":"publish","type":"page","link":"https:\/\/aemarvao.edu.gov.pt\/site\/servicos\/","title":{"rendered":"Servi\u00e7os"},"content":{"rendered":"<p><strong>Servi\u00e7os<\/strong><\/p>\n<div class=\"child_pages child_pages-thumbnail\">\n<div id=\"child_page-268\" class=\"child_page\" style=\"width:100%;max-width:100%;\"><div class=\"child_page-container\"><div class=\"post_thumb\"><a href=\"https:\/\/aemarvao.edu.gov.pt\/site\/servicos\/bar\/\"><\/a><\/div><div class=\"post_content\"><h4><a href=\"https:\/\/aemarvao.edu.gov.pt\/site\/servicos\/bar\/\">Bar<\/a><\/h4><div class=\"post_excerpt\">Hor\u00e1rio de Funcionamento EBI C\/ JI da AMMAIA \u2013 Portagem Manh\u00e3: 08h45m &#8211; 11h00m Tarde: 12h45m &#8211; 16h00m &nbsp; EBI C\/ JI Dr. MANUEL MAGRO MACHADO &#8211; St\u00ba Ant\u00ba das Areias Manh\u00e3: 10h20m &#8211; 10h40m Tarde: 15h00m &#8211; 15h10m &nbsp;<\/div><\/div><!-- .post_content  --><\/div><!-- .child_page-container --><\/div><!-- #child_page-268\" -->\n\n<div id=\"child_page-271\" class=\"child_page\" style=\"width:100%;max-width:100%;\"><div class=\"child_page-container\"><div class=\"post_thumb\"><a href=\"https:\/\/aemarvao.edu.gov.pt\/site\/servicos\/refeitorio\/\"><\/a><\/div><div class=\"post_content\"><h4><a href=\"https:\/\/aemarvao.edu.gov.pt\/site\/servicos\/refeitorio\/\">Refeit\u00f3rio<\/a><\/h4><div class=\"post_excerpt\">Hor\u00e1rio de Funcionamento EBI C\/ JI da AMMAIA &#8211; Portagem Almo\u00e7o: 12h00m &#8211; 13h30m &nbsp; EBI C\/ JI Dr. MANUEL MAGRO MACHADO\u00a0&#8211; St\u00ba Ant\u00ba das Areias Almo\u00e7o: 12h00m &#8211; 13h00m &nbsp; Senhas: Adquirir na papelaria at\u00e9 \u00e0s 17h00 do dia anterior ou no pr\u00f3prio dia at\u00e9 \u00e0s 10h00 (conforme previsto no regulamento interno).<\/div><\/div><!-- .post_content  --><\/div><!-- .child_page-container --><\/div><!-- #child_page-271\" -->\n\n<div id=\"child_page-278\" class=\"child_page\" style=\"width:100%;max-width:100%;\"><div class=\"child_page-container\"><div class=\"post_thumb\"><a href=\"https:\/\/aemarvao.edu.gov.pt\/site\/servicos\/reprografia\/\"><\/a><\/div><div class=\"post_content\"><h4><a href=\"https:\/\/aemarvao.edu.gov.pt\/site\/servicos\/reprografia\/\">Reprografia<\/a><\/h4><div class=\"post_excerpt\">Hor\u00e1rio de Funcionamento EBI C\/ JI da AMMAIA \u2013 Portagem Manh\u00e3: 08h45m \u2013 12h30m Tarde: 13h30m \u2013 16h00m &nbsp; EBI C\/ JI Dr. MANUEL MAGRO MACHADO\u00a0\u2013 St\u00ba Ant\u00ba das Areias &nbsp;<\/div><\/div><!-- .post_content  --><\/div><!-- .child_page-container --><\/div><!-- #child_page-278\" -->\n\n<div id=\"child_page-281\" class=\"child_page\" style=\"width:100%;max-width:100%;\"><div class=\"child_page-container\"><div class=\"post_thumb\"><a href=\"https:\/\/aemarvao.edu.gov.pt\/site\/servicos\/sase\/\"><\/a><\/div><div class=\"post_content\"><h4><a href=\"https:\/\/aemarvao.edu.gov.pt\/site\/servicos\/sase\/\">SASE<\/a><\/h4><div class=\"post_excerpt\">SERVI\u00c7O DE \u00a0A\u00c7\u00c3O SOCIAL ESCOLAR O Servi\u00e7o de A\u00e7\u00e3o Social Escolar (SASE) trata dos subs\u00eddios de estudo, nomeadamente, apoio alimentar no refeit\u00f3rio da escola e apoio \u00e0 aquisi\u00e7\u00e3o de sebentas, fotocopias e materiais escolares. A atribui\u00e7\u00e3o de subs\u00eddios de A\u00e7\u00e3o Social Escolar depende da apresenta\u00e7\u00e3o da declara\u00e7\u00e3o obtida na seguran\u00e7a social,durante a matr\u00edcula e renova\u00e7\u00e3o &hellip; <p class=\"link-more\"><a href=\"https:\/\/aemarvao.edu.gov.pt\/site\/servicos\/sase\/\" class=\"more-link\">Continuar a ler <span class=\"screen-reader-text\">\"SASE\"<\/span><\/a><\/p><\/div><\/div><!-- .post_content  --><\/div><!-- .child_page-container --><\/div><!-- #child_page-281\" -->\n\n<div id=\"child_page-284\" class=\"child_page\" style=\"width:100%;max-width:100%;\"><div class=\"child_page-container\"><div class=\"post_thumb\"><a href=\"https:\/\/aemarvao.edu.gov.pt\/site\/servicos\/seae\/\"><\/a><\/div><div class=\"post_content\"><h4><a href=\"https:\/\/aemarvao.edu.gov.pt\/site\/servicos\/seae\/\">SEAE<\/a><\/h4><div class=\"post_excerpt\">Servi\u00e7os Especializados de Apoio Educativo Estes servi\u00e7os t\u00eam como objetivo assegurar a plena integra\u00e7\u00e3o dos alunos nos aspetos psico-pedag\u00f3gicos e s\u00f3cio-educativos atrav\u00e9s da articula\u00e7\u00e3o com os diversos departamentos, conselho de docentes, \u00f3rg\u00e3os de gest\u00e3o do agrupamento, com as fam\u00edlias e os diferentes recursos da comunidade. Aos Servi\u00e7os Especializados de Apoio Educativo, no exerc\u00edcio das fun\u00e7\u00f5es &hellip; <p class=\"link-more\"><a href=\"https:\/\/aemarvao.edu.gov.pt\/site\/servicos\/seae\/\" class=\"more-link\">Continuar a ler <span class=\"screen-reader-text\">\"SEAE\"<\/span><\/a><\/p><\/div><\/div><!-- .post_content  --><\/div><!-- .child_page-container --><\/div><!-- #child_page-284\" -->\n\n<div id=\"child_page-291\" class=\"child_page\" style=\"width:100%;max-width:100%;\"><div class=\"child_page-container\"><div class=\"post_thumb\"><a href=\"https:\/\/aemarvao.edu.gov.pt\/site\/servicos\/papelaria\/\"><\/a><\/div><div class=\"post_content\"><h4><a href=\"https:\/\/aemarvao.edu.gov.pt\/site\/servicos\/papelaria\/\">Papelaria<\/a><\/h4><div class=\"post_excerpt\">Hor\u00e1rio de Funcionamento EBI C\/ JI da AMMAIA &#8211; Portagem Manh\u00e3: 08h30m &#8211; 11h00m Almo\u00e7o: 12h00m &#8211; 14h00m Tarde: 15h00m &#8211; 16h00m &nbsp; EBI C\/ JI Dr. MANUEL MAGRO MACHADO &#8211; St\u00ba Ant\u00ba das Areias Manh\u00e3: 08h45m &#8211; 09h30m Tarde: 15h00m &#8211; 15h30m &nbsp;<\/div><\/div><!-- .post_content  --><\/div><!-- .child_page-container --><\/div><!-- #child_page-291\" -->\n\n<div id=\"child_page-294\" class=\"child_page\" style=\"width:100%;max-width:100%;\"><div class=\"child_page-container\"><div class=\"post_thumb\"><a href=\"https:\/\/aemarvao.edu.gov.pt\/site\/servicos\/secretaria\/\"><\/a><\/div><div class=\"post_content\"><h4><a href=\"https:\/\/aemarvao.edu.gov.pt\/site\/servicos\/secretaria\/\">Secretaria<\/a><\/h4><div class=\"post_excerpt\">Hor\u00e1rio de Funcionamento EBI C\/ JI da AMMAIA \u2013 Portagem Dia: 09h00m \u2013 17h00m &nbsp; EBI C\/ JI Dr. MANUEL MAGRO MACHADO &#8211; St\u00ba Ant\u00ba das Areias<\/div><\/div><!-- .post_content  --><\/div><!-- .child_page-container --><\/div><!-- #child_page-294\" -->\n<\/div>\n","protected":false},"excerpt":{"rendered":"<p>Servi\u00e7os<\/p>\n","protected":false},"author":1,"featured_media":0,"parent":0,"menu_order":0,"comment_status":"closed","ping_status":"closed","template":"","meta":[],"_links":{"self":[{"href":"https:\/\/aemarvao.edu.gov.pt\/site\/wp-json\/wp\/v2\/pages\/259"}],"collection":[{"href":"https:\/\/aemarvao.edu.gov.pt\/site\/wp-json\/wp\/v2\/pages"}],"about":[{"href":"https:\/\/aemarvao.edu.gov.pt\/site\/wp-json\/wp\/v2\/types\/page"}],"author":[{"embeddable":true,"href":"https:\/\/aemarvao.edu.gov.pt\/site\/wp-json\/wp\/v2\/users\/1"}],"replies":[{"embeddable":true,"href":"https:\/\/aemarvao.edu.gov.pt\/site\/wp-json\/wp\/v2\/comments?post=259"}],"version-history":[{"count":3,"href":"https:\/\/aemarvao.edu.gov.pt\/site\/wp-json\/wp\/v2\/pages\/259\/revisions"}],"predecessor-version":[{"id":267,"href":"https:\/\/aemarvao.edu.gov.pt\/site\/wp-json\/wp\/v2\/pages\/259\/revisions\/267"}],"wp:attachment":[{"href":"https:\/\/aemarvao.edu.gov.pt\/site\/wp-json\/wp\/v2\/media?parent=259"}],"curies":[{"name":"wp","href":"https:\/\/api.w.org\/{rel}","templated":true}]}}